{"id":5039,"date":"2025-05-21T00:28:47","date_gmt":"2025-05-21T00:28:47","guid":{"rendered":"https:\/\/firstlight.energy\/fort-frances-solar-project\/"},"modified":"2026-04-05T04:19:16","modified_gmt":"2026-04-05T04:19:16","slug":"fort-frances-solar-project","status":"publish","type":"page","link":"https:\/\/firstlight.energy\/fr_ca\/fort-frances-solar-project\/","title":{"rendered":"Projet solaire de Fort Frances"},"content":{"rendered":"\n<figure class=\"wp-block-image alignwide size-large\"><img loading=\"lazy\" decoding=\"async\" width=\"1024\" height=\"681\" src=\"https:\/\/firstlight.energy\/wp-content\/uploads\/2025\/05\/american-public-power-association-513dBrMJ_5w-unsplash-1024x681.jpg\" alt=\"\" class=\"wp-image-4249\" srcset=\"https:\/\/firstlight.energy\/wp-content\/uploads\/2025\/05\/american-public-power-association-513dBrMJ_5w-unsplash-1024x681.jpg 1024w, https:\/\/firstlight.energy\/wp-content\/uploads\/2025\/05\/american-public-power-association-513dBrMJ_5w-unsplash-300x200.jpg 300w, https:\/\/firstlight.energy\/wp-content\/uploads\/2025\/05\/american-public-power-association-513dBrMJ_5w-unsplash-768x511.jpg 768w, https:\/\/firstlight.energy\/wp-content\/uploads\/2025\/05\/american-public-power-association-513dBrMJ_5w-unsplash-1536x1022.jpg 1536w, https:\/\/firstlight.energy\/wp-content\/uploads\/2025\/05\/american-public-power-association-513dBrMJ_5w-unsplash-2048x1363.jpg 2048w\" sizes=\"auto, (max-width: 1024px) 100vw, 1024px\" \/><\/figure>\n\n<h5 class=\"wp-block-heading\"><strong>Philosophie de d\u00e9veloppement de FirstLight<\/strong><\/h5>\n\n<p>Chez FirstLight, nous nous concentrons sur l\u2019acc\u00e9l\u00e9ration de la d\u00e9carbonisation du r\u00e9seau \u00e9lectrique en faisant progresser et en int\u00e9grant des solutions d\u2019\u00e9nergie renouvelable et de stockage. Notre approche de d\u00e9veloppement repose sur la fourniture d\u2019\u00e9lectricit\u00e9 renouvelable, fiable, abordable et \u00e9quitable gr\u00e2ce \u00e0 des projets d\u2019\u00e9nergie renouvelable \u00e0 fort impact.<br \/><br \/>Avec un portefeuille de plus de 1,6 GW d\u2019actifs op\u00e9rationnels et un pipeline de d\u00e9veloppement d\u00e9passant 4 GW, comprenant l\u2019hydro\u00e9lectricit\u00e9, l\u2019\u00e9nergie solaire, l\u2019\u00e9nergie \u00e9olienne et le stockage par batterie, nous sommes bien plac\u00e9s pour r\u00e9pondre aux besoins changeants du march\u00e9 partout au Canada.<br \/><br \/>Nous d\u00e9veloppons et exploitons des projets d\u2019\u00e9nergie renouvelable au Canada depuis 1987, toujours en collaboration avec les communaut\u00e9s o\u00f9 nous travaillons. Cette pr\u00e9sence de longue date refl\u00e8te notre engagement \u00e0 \u00e9tablir des relations respectueuses et durables et \u00e0 garantir que nos projets apportent des avantages locaux.<br \/><br \/>Conform\u00e9ment \u00e0 notre mission et \u00e0 notre vision, FirstLight participe activement au processus d\u2019approvisionnement LT2 de l\u2019IESO de l\u2019Ontario. Nous nous concentrons sur le d\u00e9veloppement de projets d\u2019\u00e9nergie renouvelable \u00e0 grande \u00e9chelle qui am\u00e9liorent la fiabilit\u00e9 du syst\u00e8me et contribuent aux objectifs de d\u00e9carbonisation de l\u2019Ontario. Engag\u00e9s dans un engagement pr\u00e9coce et significatif aupr\u00e8s des communaut\u00e9s locales et autochtones, nous apportons une exp\u00e9rience approfondie dans le d\u00e9veloppement de projets, les op\u00e9rations et les mod\u00e8les de partenariat qui refl\u00e8tent les priorit\u00e9s de la communaut\u00e9.<br \/><br \/>Notre solide exp\u00e9rience dans la fourniture de solutions d\u2019\u00e9nergie renouvelable hybrides, combin\u00e9e \u00e0 notre approche collaborative et ax\u00e9e sur la communaut\u00e9, fait de FirstLight un partenaire de confiance pour faire progresser l\u2019avenir de l\u2019\u00e9nergie renouvelable de l\u2019Ontario dans le cadre du LT2 et au-del\u00e0.<\/p>\n\n<div class=\"wp-block-columns alignwide are-vertically-aligned-center has-white-color has-royal-background-color has-text-color has-background has-link-color wp-elements-003d1620d31102816a3c869f71023c4f is-layout-flex wp-container-core-columns-is-layout-9d6595d7 wp-block-columns-is-layout-flex\">\n<div class=\"wp-block-column is-vertically-aligned-center is-layout-flow wp-block-column-is-layout-flow\">\n<figure class=\"wp-block-image aligncenter size-large is-resized\"><img loading=\"lazy\" decoding=\"async\" width=\"1024\" height=\"768\" src=\"https:\/\/firstlight.energy\/wp-content\/uploads\/2025\/05\/jadon-kelly-Y-4LPhF4giI-unsplash-1024x768.jpg\" alt=\"\" class=\"wp-image-4251\" style=\"aspect-ratio:3\/2;object-fit:cover;width:579px;height:auto\" srcset=\"https:\/\/firstlight.energy\/wp-content\/uploads\/2025\/05\/jadon-kelly-Y-4LPhF4giI-unsplash-1024x768.jpg 1024w, https:\/\/firstlight.energy\/wp-content\/uploads\/2025\/05\/jadon-kelly-Y-4LPhF4giI-unsplash-300x225.jpg 300w, https:\/\/firstlight.energy\/wp-content\/uploads\/2025\/05\/jadon-kelly-Y-4LPhF4giI-unsplash-768x576.jpg 768w, https:\/\/firstlight.energy\/wp-content\/uploads\/2025\/05\/jadon-kelly-Y-4LPhF4giI-unsplash-1536x1152.jpg 1536w, https:\/\/firstlight.energy\/wp-content\/uploads\/2025\/05\/jadon-kelly-Y-4LPhF4giI-unsplash-2048x1536.jpg 2048w\" sizes=\"auto, (max-width: 1024px) 100vw, 1024px\" \/><\/figure>\n<\/div>\n\n\n\n<div class=\"wp-block-column is-vertically-aligned-center is-layout-flow wp-block-column-is-layout-flow\">\n<h5 class=\"wp-block-heading\"><strong>Faits saillants du projet<\/strong><\/h5>\n\n\n\n<p><strong>Technologie<\/strong> : Solaire photovolta\u00efque<\/p>\n\n\n\n<p><strong>Production<\/strong> : ~80 MW<\/p>\n\n\n\n<p><strong>\u00c9tat de d\u00e9veloppement<\/strong> : Pr\u00e9-d\u00e9veloppement<\/p>\n\n\n\n<p><strong>Estimation de l&rsquo;exploitation commerciale<\/strong> : 2029<\/p>\n<\/div>\n<\/div>\n\n<h5 class=\"wp-block-heading\"><strong>\u00c0 propos du projet solaire de Fort Frances<\/strong><\/h5>\n\n<p>FirstLight d\u00e9veloppe un projet solaire d&rsquo;une capacit\u00e9 allant jusqu&rsquo;\u00e0 80 MWac sur une combinaison de terres municipales et priv\u00e9es au nord de Fort Frances.<\/p>\n\n<p>Le projet en cours d&rsquo;\u00e9laboration visera \u00e0 \u00eatre soumis au processus d&rsquo;approvisionnement \u00e9nerg\u00e9tique \u00e0 long terme de la Soci\u00e9t\u00e9 ind\u00e9pendante d&rsquo;exploitation du r\u00e9seau d&rsquo;\u00e9lectricit\u00e9 de l&rsquo;Ontario (SIERE) qui vise \u00e0 mettre en ligne de nouvelles centrales de production d&rsquo;\u00e9nergie \u00e0 faible \u00e9mission de carbone pour soutenir la croissance \u00e9conomique et d\u00e9mographique pr\u00e9vue de l&rsquo;Ontario.<\/p>\n\n<p>Le projet solaire de Fort Frances aurait le potentiel de fournir de l\u2019\u00e9lectricit\u00e9 propre \u00e0 environ 8 000 \u00e0 13 000 m\u00e9nages ontariens, selon la consommation r\u00e9sidentielle moyenne actuelle.<\/p>\n\n<h5 class=\"wp-block-heading\"><strong>Notre partenariat<\/strong><\/h5>\n\n<p>Les peuples autochtones ont une pr\u00e9sence vitale et un lien profond avec la terre o\u00f9 FirstLight op\u00e8re. Conform\u00e9ment \u00e0 notre engagement envers des relations respectueuses, \u00e0 long terme et mutuellement b\u00e9n\u00e9fiques, nous travaillons avec les communaut\u00e9s autochtones pour planifier et r\u00e9aliser des projets de mani\u00e8re responsable et inclusive.<\/p>\n\n<p>Cette approche appuie \u00e9galement les objectifs de la SIERE dans le cadre de l\u2019approvisionnement \u00e0 long terme 2 (LT2), qui encourage la participation des Autochtones aux projets \u00e9nerg\u00e9tiques afin de renforcer les partenariats locaux et de faire progresser les possibilit\u00e9s \u00e9conomiques partag\u00e9es.<\/p>\n\n<h5 class=\"wp-block-heading\"><strong>Calendrier et emplacement du projet<\/strong><\/h5>\n\n<figure class=\"wp-block-image size-large\"><img loading=\"lazy\" decoding=\"async\" width=\"1024\" height=\"242\" src=\"https:\/\/firstlight.energy\/wp-content\/uploads\/2025\/05\/FF-Solar-e1747786884198-1024x242.png\" alt=\"\" class=\"wp-image-4266\" srcset=\"https:\/\/firstlight.energy\/wp-content\/uploads\/2025\/05\/FF-Solar-e1747786884198-1024x242.png 1024w, https:\/\/firstlight.energy\/wp-content\/uploads\/2025\/05\/FF-Solar-e1747786884198-300x71.png 300w, https:\/\/firstlight.energy\/wp-content\/uploads\/2025\/05\/FF-Solar-e1747786884198-768x182.png 768w, https:\/\/firstlight.energy\/wp-content\/uploads\/2025\/05\/FF-Solar-e1747786884198.png 1200w\" sizes=\"auto, (max-width: 1024px) 100vw, 1024px\" \/><\/figure>\n\n<figure class=\"wp-block-image size-large\"><img loading=\"lazy\" decoding=\"async\" width=\"1024\" height=\"663\" src=\"https:\/\/firstlight.energy\/wp-content\/uploads\/2025\/05\/f2dd5072e99021cbecb1018c904de265413ccb55d2b7be50657d1ee1e1a1-1024x663.png\" alt=\"\" class=\"wp-image-4260\" srcset=\"https:\/\/firstlight.energy\/wp-content\/uploads\/2025\/05\/f2dd5072e99021cbecb1018c904de265413ccb55d2b7be50657d1ee1e1a1-1024x663.png 1024w, https:\/\/firstlight.energy\/wp-content\/uploads\/2025\/05\/f2dd5072e99021cbecb1018c904de265413ccb55d2b7be50657d1ee1e1a1-300x194.png 300w, https:\/\/firstlight.energy\/wp-content\/uploads\/2025\/05\/f2dd5072e99021cbecb1018c904de265413ccb55d2b7be50657d1ee1e1a1-768x497.png 768w, https:\/\/firstlight.energy\/wp-content\/uploads\/2025\/05\/f2dd5072e99021cbecb1018c904de265413ccb55d2b7be50657d1ee1e1a1-1536x994.png 1536w, https:\/\/firstlight.energy\/wp-content\/uploads\/2025\/05\/f2dd5072e99021cbecb1018c904de265413ccb55d2b7be50657d1ee1e1a1-2048x1325.png 2048w\" sizes=\"auto, (max-width: 1024px) 100vw, 1024px\" \/><\/figure>\n\n<h5 class=\"wp-block-heading\"><strong>Avantages du projet<\/strong><\/h5>\n\n<p><strong>Cr\u00e9ation \u00e9conom<\/strong>ique et d&#8217;emploisOpportunit\u00e9s d&#8217;emploi loca<br \/>les pendant la construction et l&rsquo;entretien continu du site avec des opportunit\u00e9s pour les entrepreneurs et prestataires de services locaux de participer tout au long du cycle de vie du projet (travaux civils, \u00e9lectricit\u00e9, cl\u00f4tures, v\u00e9g\u00e9tation, etc.).<br \/>On estime que 100 \u00e0 120 emplois seront cr\u00e9\u00e9s tout au long de la phase de construction du projet.<\/p>\n\n<p><strong>Recettes munic<\/strong><br \/>ipalesAugmentation de l\u2019assiette fiscale fonci\u00e8re contribuant aux budgets municipaux.<\/p>\n\n<p>Fonds <strong>de dynamisme communauta<\/strong>ireContributions ann<br \/>uelles pour soutenir les initiatives locales telles que les parcs, les loisirs et les programmes communautaires qui totaliseraient environ 1 \u00e0 1,6 million de dollars sur la dur\u00e9e du contrat de 20 ans.<\/p>\n\n<p>Approv<br \/>isionnement <strong>en \u00e9lectricit\u00e9 propr<\/strong>eConnect\u00e9 au r\u00e9seau de transport d&rsquo;Hydro One, le projet fournira \u00e0 l&rsquo;Ontario de l&rsquo;\u00e9lectricit\u00e9 \u00e0 faible teneur en carbone pendant une p\u00e9riode pouvant aller jusqu&rsquo;\u00e0 30 ans<\/p>\n\n<p><strong>Leadership environ<\/strong><br \/>nementalSoutient la transition de l&rsquo;Ontario vers un r\u00e9seau propre et \u00e0 faibles \u00e9missions de carbone en int\u00e9grant davantage d&rsquo;\u00e9nergie renouvelable au r\u00e9seau de l&rsquo;Ontario et en fournissant un approvisionnement \u00e9nerg\u00e9tique accru pour soutenir la croissance \u00e9conomique et d\u00e9mographique pr\u00e9vue de l&rsquo;Ontario.<\/p>\n\n<p><strong>Enga<\/strong>gement communautaireProcessus de communication et d&rsquo;engagement trans<br \/>parent avec les r\u00e9sidents de Fort Frances et opportunit\u00e9s de participation du public et de s\u00e9ances d&rsquo;information pendant le d\u00e9veloppement du projet.<\/p>\n\n<h5 class=\"wp-block-heading\"><strong>Mises \u00e0 jour du projet, liens et documents<\/strong><\/h5>\n\n<ul class=\"wp-block-list\">\n<li>FirstLight a men\u00e9 un engagement pr\u00e9liminaire aupr\u00e8s de la communaut\u00e9 locale en se concentrant sur une pr\u00e9sentation initiale au maire et au conseil de Fort Frances en novembre 2024, offrant un aper\u00e7u des projets potentiels.<\/li>\n\n\n\n<li><strong>27 mai 2025<\/strong> \u2013 Journ\u00e9e portes ouvertes sur les projets de stockage d&#039;\u00e9nergie solaire et de batteries \u00e0 Fort Frances\n<ul class=\"wp-block-list\">\n<li>Heure : 18h-21h<\/li>\n\n\n\n<li>Lieu : La Place Rendez-Vous au 1201 Idylwild Dr, Fort Frances, ON P9A 3M3, Canada<\/li>\n<\/ul>\n<\/li>\n<\/ul>\n\n<h5 class=\"wp-block-heading\"><strong>Contactez-nous<\/strong><\/h5>\n\n<p>Des questions ou commentaires suppl\u00e9mentaires peuvent \u00eatre adress\u00e9s \u00e0 <a href=\"mailto:info.on@firstlight.energy\" target=\"_blank\" rel=\"noreferrer noopener\">info.on@firstlight.energy<\/a> <\/p>\n\n<div class=\"wp-block-buttons is-content-justification-center is-layout-flex wp-container-core-buttons-is-layout-16018d1d wp-block-buttons-is-layout-flex\">\n<div class=\"wp-block-button not-prose\"><a class=\"wp-block-button__link wp-element-button button button-solid\" href=\"https:\/\/firstlight.energy\/energy\/#projects\">Nos projets \u00e9nerg\u00e9tiques<\/a><\/div>\n<\/div>\n","protected":false},"excerpt":{"rendered":"<p>Philosophie de d\u00e9veloppement de FirstLight Chez FirstLight, nous nous concentrons sur l\u2019acc\u00e9l\u00e9ration de la d\u00e9carbonisation du r\u00e9seau \u00e9lectrique en faisant progresser et en int\u00e9grant des solutions d\u2019\u00e9nergie renouvelable et de stockage. Notre approche de d\u00e9veloppement repose sur la fourniture d\u2019\u00e9lectricit\u00e9 renouvelable, fiable, abordable et \u00e9quitable gr\u00e2ce \u00e0 des projets d\u2019\u00e9nergie renouvelable \u00e0 fort impact. Avec\u2026<\/p>\n","protected":false},"author":13,"featured_media":0,"parent":0,"menu_order":0,"comment_status":"closed","ping_status":"closed","template":"","meta":{"_acf_changed":false,"footnotes":""},"class_list":["post-5039","page","type-page","status-publish","hentry"],"acf":[],"yoast_head":"<!-- This site is optimized with the Yoast SEO plugin v27.5 - https:\/\/yoast.com\/product\/yoast-seo-wordpress\/ -->\n<title>Projet solaire de Fort Frances - FirstLight<\/title>\n<meta name=\"robots\" content=\"index, follow, max-snippet:-1, max-image-preview:large, max-video-preview:-1\" \/>\n<link rel=\"canonical\" href=\"https:\/\/firstlight.energy\/fr_ca\/fort-frances-solar-project\/\" \/>\n<meta property=\"og:locale\" content=\"fr_CA\" \/>\n<meta property=\"og:type\" content=\"article\" \/>\n<meta property=\"og:title\" content=\"Projet solaire de Fort Frances - FirstLight\" \/>\n<meta property=\"og:description\" content=\"Philosophie de d\u00e9veloppement de FirstLight Chez FirstLight, nous nous concentrons sur l\u2019acc\u00e9l\u00e9ration de la d\u00e9carbonisation du r\u00e9seau \u00e9lectrique en faisant progresser et en int\u00e9grant des solutions d\u2019\u00e9nergie renouvelable et de stockage. Notre approche de d\u00e9veloppement repose sur la fourniture d\u2019\u00e9lectricit\u00e9 renouvelable, fiable, abordable et \u00e9quitable gr\u00e2ce \u00e0 des projets d\u2019\u00e9nergie renouvelable \u00e0 fort impact. Avec\u2026\" \/>\n<meta property=\"og:url\" content=\"https:\/\/firstlight.energy\/fr_ca\/fort-frances-solar-project\/\" \/>\n<meta property=\"og:site_name\" content=\"FirstLight\" \/>\n<meta property=\"article:modified_time\" content=\"2026-04-05T04:19:16+00:00\" \/>\n<meta property=\"og:image\" content=\"https:\/\/firstlight.energy\/wp-content\/uploads\/2025\/05\/american-public-power-association-513dBrMJ_5w-unsplash-scaled.jpg\" \/>\n\t<meta property=\"og:image:width\" content=\"2560\" \/>\n\t<meta property=\"og:image:height\" content=\"1703\" \/>\n\t<meta property=\"og:image:type\" content=\"image\/jpeg\" \/>\n<meta name=\"twitter:card\" content=\"summary_large_image\" \/>\n<meta name=\"twitter:label1\" content=\"Estimation du temps de lecture\" \/>\n\t<meta name=\"twitter:data1\" content=\"4 minutes\" \/>\n<script type=\"application\/ld+json\" class=\"yoast-schema-graph\">{\"@context\":\"https:\\\/\\\/schema.org\",\"@graph\":[{\"@type\":\"WebPage\",\"@id\":\"https:\\\/\\\/firstlight.energy\\\/fr_ca\\\/fort-frances-solar-project\\\/\",\"url\":\"https:\\\/\\\/firstlight.energy\\\/fr_ca\\\/fort-frances-solar-project\\\/\",\"name\":\"Projet solaire de Fort Frances - FirstLight\",\"isPartOf\":{\"@id\":\"https:\\\/\\\/firstlight.energy\\\/fr_ca\\\/#website\"},\"primaryImageOfPage\":{\"@id\":\"https:\\\/\\\/firstlight.energy\\\/fr_ca\\\/fort-frances-solar-project\\\/#primaryimage\"},\"image\":{\"@id\":\"https:\\\/\\\/firstlight.energy\\\/fr_ca\\\/fort-frances-solar-project\\\/#primaryimage\"},\"thumbnailUrl\":\"https:\\\/\\\/firstlight.energy\\\/wp-content\\\/uploads\\\/2025\\\/05\\\/american-public-power-association-513dBrMJ_5w-unsplash-1024x681.jpg\",\"datePublished\":\"2025-05-21T00:28:47+00:00\",\"dateModified\":\"2026-04-05T04:19:16+00:00\",\"breadcrumb\":{\"@id\":\"https:\\\/\\\/firstlight.energy\\\/fr_ca\\\/fort-frances-solar-project\\\/#breadcrumb\"},\"inLanguage\":\"fr-CA\",\"potentialAction\":[{\"@type\":\"ReadAction\",\"target\":[\"https:\\\/\\\/firstlight.energy\\\/fr_ca\\\/fort-frances-solar-project\\\/\"]}]},{\"@type\":\"ImageObject\",\"inLanguage\":\"fr-CA\",\"@id\":\"https:\\\/\\\/firstlight.energy\\\/fr_ca\\\/fort-frances-solar-project\\\/#primaryimage\",\"url\":\"https:\\\/\\\/firstlight.energy\\\/wp-content\\\/uploads\\\/2025\\\/05\\\/american-public-power-association-513dBrMJ_5w-unsplash-1024x681.jpg\",\"contentUrl\":\"https:\\\/\\\/firstlight.energy\\\/wp-content\\\/uploads\\\/2025\\\/05\\\/american-public-power-association-513dBrMJ_5w-unsplash-1024x681.jpg\"},{\"@type\":\"BreadcrumbList\",\"@id\":\"https:\\\/\\\/firstlight.energy\\\/fr_ca\\\/fort-frances-solar-project\\\/#breadcrumb\",\"itemListElement\":[{\"@type\":\"ListItem\",\"position\":1,\"name\":\"Home\",\"item\":\"https:\\\/\\\/firstlight.energy\\\/fr_ca\\\/\"},{\"@type\":\"ListItem\",\"position\":2,\"name\":\"Projet solaire de Fort Frances\"}]},{\"@type\":\"WebSite\",\"@id\":\"https:\\\/\\\/firstlight.energy\\\/fr_ca\\\/#website\",\"url\":\"https:\\\/\\\/firstlight.energy\\\/fr_ca\\\/\",\"name\":\"FirstLight\",\"description\":\"\",\"publisher\":{\"@id\":\"https:\\\/\\\/firstlight.energy\\\/fr_ca\\\/#organization\"},\"potentialAction\":[{\"@type\":\"SearchAction\",\"target\":{\"@type\":\"EntryPoint\",\"urlTemplate\":\"https:\\\/\\\/firstlight.energy\\\/fr_ca\\\/?s={search_term_string}\"},\"query-input\":{\"@type\":\"PropertyValueSpecification\",\"valueRequired\":true,\"valueName\":\"search_term_string\"}}],\"inLanguage\":\"fr-CA\"},{\"@type\":\"Organization\",\"@id\":\"https:\\\/\\\/firstlight.energy\\\/fr_ca\\\/#organization\",\"name\":\"FirstLight\",\"url\":\"https:\\\/\\\/firstlight.energy\\\/fr_ca\\\/\",\"logo\":{\"@type\":\"ImageObject\",\"inLanguage\":\"fr-CA\",\"@id\":\"https:\\\/\\\/firstlight.energy\\\/fr_ca\\\/#\\\/schema\\\/logo\\\/image\\\/\",\"url\":\"https:\\\/\\\/firstlight.energy\\\/wp-content\\\/uploads\\\/2019\\\/04\\\/cropped-FirstLight-Logo-5Mar2019-Blue-1.png\",\"contentUrl\":\"https:\\\/\\\/firstlight.energy\\\/wp-content\\\/uploads\\\/2019\\\/04\\\/cropped-FirstLight-Logo-5Mar2019-Blue-1.png\",\"width\":336,\"height\":81,\"caption\":\"FirstLight\"},\"image\":{\"@id\":\"https:\\\/\\\/firstlight.energy\\\/fr_ca\\\/#\\\/schema\\\/logo\\\/image\\\/\"}}]}<\/script>\n<!-- \/ Yoast SEO plugin. -->","yoast_head_json":{"title":"Projet solaire de Fort Frances - FirstLight","robots":{"index":"index","follow":"follow","max-snippet":"max-snippet:-1","max-image-preview":"max-image-preview:large","max-video-preview":"max-video-preview:-1"},"canonical":"https:\/\/firstlight.energy\/fr_ca\/fort-frances-solar-project\/","og_locale":"fr_CA","og_type":"article","og_title":"Projet solaire de Fort Frances - FirstLight","og_description":"Philosophie de d\u00e9veloppement de FirstLight Chez FirstLight, nous nous concentrons sur l\u2019acc\u00e9l\u00e9ration de la d\u00e9carbonisation du r\u00e9seau \u00e9lectrique en faisant progresser et en int\u00e9grant des solutions d\u2019\u00e9nergie renouvelable et de stockage. Notre approche de d\u00e9veloppement repose sur la fourniture d\u2019\u00e9lectricit\u00e9 renouvelable, fiable, abordable et \u00e9quitable gr\u00e2ce \u00e0 des projets d\u2019\u00e9nergie renouvelable \u00e0 fort impact. Avec\u2026","og_url":"https:\/\/firstlight.energy\/fr_ca\/fort-frances-solar-project\/","og_site_name":"FirstLight","article_modified_time":"2026-04-05T04:19:16+00:00","og_image":[{"width":2560,"height":1703,"url":"https:\/\/firstlight.energy\/wp-content\/uploads\/2025\/05\/american-public-power-association-513dBrMJ_5w-unsplash-scaled.jpg","type":"image\/jpeg"}],"twitter_card":"summary_large_image","twitter_misc":{"Estimation du temps de lecture":"4 minutes"},"schema":{"@context":"https:\/\/schema.org","@graph":[{"@type":"WebPage","@id":"https:\/\/firstlight.energy\/fr_ca\/fort-frances-solar-project\/","url":"https:\/\/firstlight.energy\/fr_ca\/fort-frances-solar-project\/","name":"Projet solaire de Fort Frances - FirstLight","isPartOf":{"@id":"https:\/\/firstlight.energy\/fr_ca\/#website"},"primaryImageOfPage":{"@id":"https:\/\/firstlight.energy\/fr_ca\/fort-frances-solar-project\/#primaryimage"},"image":{"@id":"https:\/\/firstlight.energy\/fr_ca\/fort-frances-solar-project\/#primaryimage"},"thumbnailUrl":"https:\/\/firstlight.energy\/wp-content\/uploads\/2025\/05\/american-public-power-association-513dBrMJ_5w-unsplash-1024x681.jpg","datePublished":"2025-05-21T00:28:47+00:00","dateModified":"2026-04-05T04:19:16+00:00","breadcrumb":{"@id":"https:\/\/firstlight.energy\/fr_ca\/fort-frances-solar-project\/#breadcrumb"},"inLanguage":"fr-CA","potentialAction":[{"@type":"ReadAction","target":["https:\/\/firstlight.energy\/fr_ca\/fort-frances-solar-project\/"]}]},{"@type":"ImageObject","inLanguage":"fr-CA","@id":"https:\/\/firstlight.energy\/fr_ca\/fort-frances-solar-project\/#primaryimage","url":"https:\/\/firstlight.energy\/wp-content\/uploads\/2025\/05\/american-public-power-association-513dBrMJ_5w-unsplash-1024x681.jpg","contentUrl":"https:\/\/firstlight.energy\/wp-content\/uploads\/2025\/05\/american-public-power-association-513dBrMJ_5w-unsplash-1024x681.jpg"},{"@type":"BreadcrumbList","@id":"https:\/\/firstlight.energy\/fr_ca\/fort-frances-solar-project\/#breadcrumb","itemListElement":[{"@type":"ListItem","position":1,"name":"Home","item":"https:\/\/firstlight.energy\/fr_ca\/"},{"@type":"ListItem","position":2,"name":"Projet solaire de Fort Frances"}]},{"@type":"WebSite","@id":"https:\/\/firstlight.energy\/fr_ca\/#website","url":"https:\/\/firstlight.energy\/fr_ca\/","name":"FirstLight","description":"","publisher":{"@id":"https:\/\/firstlight.energy\/fr_ca\/#organization"},"potentialAction":[{"@type":"SearchAction","target":{"@type":"EntryPoint","urlTemplate":"https:\/\/firstlight.energy\/fr_ca\/?s={search_term_string}"},"query-input":{"@type":"PropertyValueSpecification","valueRequired":true,"valueName":"search_term_string"}}],"inLanguage":"fr-CA"},{"@type":"Organization","@id":"https:\/\/firstlight.energy\/fr_ca\/#organization","name":"FirstLight","url":"https:\/\/firstlight.energy\/fr_ca\/","logo":{"@type":"ImageObject","inLanguage":"fr-CA","@id":"https:\/\/firstlight.energy\/fr_ca\/#\/schema\/logo\/image\/","url":"https:\/\/firstlight.energy\/wp-content\/uploads\/2019\/04\/cropped-FirstLight-Logo-5Mar2019-Blue-1.png","contentUrl":"https:\/\/firstlight.energy\/wp-content\/uploads\/2019\/04\/cropped-FirstLight-Logo-5Mar2019-Blue-1.png","width":336,"height":81,"caption":"FirstLight"},"image":{"@id":"https:\/\/firstlight.energy\/fr_ca\/#\/schema\/logo\/image\/"}}]}},"_links":{"self":[{"href":"https:\/\/firstlight.energy\/fr_ca\/wp-json\/wp\/v2\/pages\/5039","targetHints":{"allow":["GET"]}}],"collection":[{"href":"https:\/\/firstlight.energy\/fr_ca\/wp-json\/wp\/v2\/pages"}],"about":[{"href":"https:\/\/firstlight.energy\/fr_ca\/wp-json\/wp\/v2\/types\/page"}],"author":[{"embeddable":true,"href":"https:\/\/firstlight.energy\/fr_ca\/wp-json\/wp\/v2\/users\/13"}],"replies":[{"embeddable":true,"href":"https:\/\/firstlight.energy\/fr_ca\/wp-json\/wp\/v2\/comments?post=5039"}],"version-history":[{"count":5014,"href":"https:\/\/firstlight.energy\/fr_ca\/wp-json\/wp\/v2\/pages\/5039\/revisions"}],"predecessor-version":[{"id":194167,"href":"https:\/\/firstlight.energy\/fr_ca\/wp-json\/wp\/v2\/pages\/5039\/revisions\/194167"}],"wp:attachment":[{"href":"https:\/\/firstlight.energy\/fr_ca\/wp-json\/wp\/v2\/media?parent=5039"}],"curies":[{"name":"wp","href":"https:\/\/api.w.org\/{rel}","templated":true}]}}